{"id":988094,"date":"2026-05-26T13:57:13","date_gmt":"2026-05-26T13:57:13","guid":{"rendered":"https:\/\/www.assistenzafirenze.it\/?page_id=988094"},"modified":"2026-05-26T15:11:31","modified_gmt":"2026-05-26T15:11:31","slug":"le-vigne","status":"publish","type":"page","link":"https:\/\/www.assistenzafirenze.it\/index.php\/le-vigne\/","title":{"rendered":"Le Vigne"},"content":{"rendered":"\t\t<div data-elementor-type=\"wp-page\" data-elementor-id=\"988094\" class=\"elementor elementor-988094\" data-elementor-post-type=\"page\">\n\t\t\t\t\t\t<section class=\"elementor-section elementor-top-section elementor-element elementor-element-e16f968 elementor-section-height-min-height elementor-section-items-stretch elementor-section-content-bottom elementor-section-boxed elementor-section-height-default\" data-id=\"e16f968\" data-element_type=\"section\" data-e-type=\"section\" data-settings=\"{&quot;background_background&quot;:&quot;classic&quot;}\">\n\t\t\t\t\t\t<div class=\"elementor-container elementor-column-gap-no\">\n\t\t\t\t\t<div class=\"elementor-column elementor-col-100 elementor-top-column elementor-element elementor-element-02cc268\" data-id=\"02cc268\" data-element_type=\"column\" data-e-type=\"column\">\n\t\t\t<div class=\"elementor-widget-wrap elementor-element-populated\">\n\t\t\t\t\t\t<div class=\"elementor-element elementor-element-7313cf2 e-transform elementor-widget-divider--view-line elementor-widget elementor-widget-divider\" data-id=\"7313cf2\" data-element_type=\"widget\" data-e-type=\"widget\" data-settings=\"{&quot;_transform_rotateZ_effect&quot;:{&quot;unit&quot;:&quot;px&quot;,&quot;size&quot;:90,&quot;sizes&quot;:[]},&quot;motion_fx_motion_fx_scrolling&quot;:&quot;yes&quot;,&quot;motion_fx_translateX_effect&quot;:&quot;yes&quot;,&quot;motion_fx_translateX_direction&quot;:&quot;negative&quot;,&quot;motion_fx_translateX_speed&quot;:{&quot;unit&quot;:&quot;px&quot;,&quot;size&quot;:2,&quot;sizes&quot;:[]},&quot;motion_fx_translateX_affectedRange&quot;:{&quot;unit&quot;:&quot;%&quot;,&quot;size&quot;:&quot;&quot;,&quot;sizes&quot;:{&quot;start&quot;:31,&quot;end&quot;:70}},&quot;motion_fx_devices&quot;:[&quot;desktop&quot;],&quot;_transform_rotateZ_effect_tablet&quot;:{&quot;unit&quot;:&quot;deg&quot;,&quot;size&quot;:&quot;&quot;,&quot;sizes&quot;:[]},&quot;_transform_rotateZ_effect_mobile&quot;:{&quot;unit&quot;:&quot;deg&quot;,&quot;size&quot;:&quot;&quot;,&quot;sizes&quot;:[]}}\" data-widget_type=\"divider.default\">\n\t\t\t\t<div class=\"elementor-widget-container\">\n\t\t\t\t\t\t\t<div class=\"elementor-divider\">\n\t\t\t<span class=\"elementor-divider-separator\">\n\t\t\t\t\t\t<\/span>\n\t\t<\/div>\n\t\t\t\t\t\t<\/div>\n\t\t\t\t<\/div>\n\t\t\t\t\t<\/div>\n\t\t<\/div>\n\t\t\t\t\t<\/div>\n\t\t<\/section>\n\t\t\t\t<section class=\"elementor-section elementor-top-section elementor-element elementor-element-5c269b9 elementor-section-boxed elementor-section-height-default elementor-section-height-default\" data-id=\"5c269b9\" data-element_type=\"section\" data-e-type=\"section\">\n\t\t\t\t\t\t<div class=\"elementor-container elementor-column-gap-no\">\n\t\t\t\t\t<div class=\"elementor-column elementor-col-100 elementor-top-column elementor-element elementor-element-040f70a\" data-id=\"040f70a\" data-element_type=\"column\" data-e-type=\"column\">\n\t\t\t<div class=\"elementor-widget-wrap elementor-element-populated\">\n\t\t\t\t\t\t<div class=\"elementor-element elementor-element-8ed05c3 elementor-widget elementor-widget-heading\" data-id=\"8ed05c3\" data-element_type=\"widget\" data-e-type=\"widget\" data-widget_type=\"heading.default\">\n\t\t\t\t<div class=\"elementor-widget-container\">\n\t\t\t\t\t<h2 class=\"elementor-heading-title elementor-size-default\">Le Vigne<\/h2>\t\t\t\t<\/div>\n\t\t\t\t<\/div>\n\t\t\t\t<div class=\"vamtam-has-theme-widget-styles elementor-element elementor-element-58350da elementor-widget elementor-widget-text-editor\" data-id=\"58350da\" data-element_type=\"widget\" data-e-type=\"widget\" data-widget_type=\"text-editor.default\">\n\t\t\t\t<div class=\"elementor-widget-container\">\n\t\t\t\t\t\t\t\t\t<p>Il nostro obbiettivo \u00e8 creare una simbiosi sempre pi\u00f9 profonda tra terra, vigne e uomo, coltivando armonia, autenticit\u00e0 e rispetto per la natura in ogni gesto.<\/p>\t\t\t\t\t\t\t\t<\/div>\n\t\t\t\t<\/div>\n\t\t\t\t<div class=\"elementor-element elementor-element-5df10e5 elementor-widget elementor-widget-spacer\" data-id=\"5df10e5\" data-element_type=\"widget\" data-e-type=\"widget\" data-widget_type=\"spacer.default\">\n\t\t\t\t<div class=\"elementor-widget-container\">\n\t\t\t\t\t\t\t<div class=\"elementor-spacer\">\n\t\t\t<div class=\"elementor-spacer-inner\"><\/div>\n\t\t<\/div>\n\t\t\t\t\t\t<\/div>\n\t\t\t\t<\/div>\n\t\t\t\t\t<\/div>\n\t\t<\/div>\n\t\t\t\t\t<\/div>\n\t\t<\/section>\n\t\t\t\t<section class=\"elementor-section elementor-top-section elementor-element elementor-element-cb2e8aa elementor-section-boxed elementor-section-height-default elementor-section-height-default\" data-id=\"cb2e8aa\" data-element_type=\"section\" data-e-type=\"section\">\n\t\t\t\t\t\t<div class=\"elementor-container elementor-column-gap-no\">\n\t\t\t\t\t<div class=\"elementor-column elementor-col-50 elementor-top-column elementor-element elementor-element-6b49bcf\" data-id=\"6b49bcf\" data-element_type=\"column\" data-e-type=\"column\" data-settings=\"{&quot;background_background&quot;:&quot;classic&quot;}\">\n\t\t\t<div class=\"elementor-widget-wrap elementor-element-populated\">\n\t\t\t\t\t\t<div class=\"elementor-element elementor-element-72d859e elementor-widget elementor-widget-spacer\" data-id=\"72d859e\" data-element_type=\"widget\" data-e-type=\"widget\" data-widget_type=\"spacer.default\">\n\t\t\t\t<div class=\"elementor-widget-container\">\n\t\t\t\t\t\t\t<div class=\"elementor-spacer\">\n\t\t\t<div class=\"elementor-spacer-inner\"><\/div>\n\t\t<\/div>\n\t\t\t\t\t\t<\/div>\n\t\t\t\t<\/div>\n\t\t\t\t\t<\/div>\n\t\t<\/div>\n\t\t\t\t<div class=\"elementor-column elementor-col-50 elementor-top-column elementor-element elementor-element-a61baec\" data-id=\"a61baec\" data-element_type=\"column\" data-e-type=\"column\" data-settings=\"{&quot;background_background&quot;:&quot;classic&quot;}\">\n\t\t\t<div class=\"elementor-widget-wrap elementor-element-populated\">\n\t\t\t\t\t\t<div class=\"elementor-element elementor-element-13ff4f4 elementor-widget elementor-widget-heading\" data-id=\"13ff4f4\" data-element_type=\"widget\" data-e-type=\"widget\" data-widget_type=\"heading.default\">\n\t\t\t\t<div class=\"elementor-widget-container\">\n\t\t\t\t\t<h2 class=\"elementor-heading-title elementor-size-default\">Tenute<\/h2>\t\t\t\t<\/div>\n\t\t\t\t<\/div>\n\t\t\t\t<div class=\"elementor-element elementor-element-d27890c elementor-widget elementor-widget-heading\" data-id=\"d27890c\" data-element_type=\"widget\" data-e-type=\"widget\" data-widget_type=\"heading.default\">\n\t\t\t\t<div class=\"elementor-widget-container\">\n\t\t\t\t\t<h6 class=\"elementor-heading-title elementor-size-default\">Le chiuse\n<\/h6>\t\t\t\t<\/div>\n\t\t\t\t<\/div>\n\t\t\t\t<div class=\"vamtam-has-theme-widget-styles elementor-element elementor-element-443928a elementor-widget elementor-widget-text-editor\" data-id=\"443928a\" data-element_type=\"widget\" data-e-type=\"widget\" data-widget_type=\"text-editor.default\">\n\t\t\t\t<div class=\"elementor-widget-container\">\n\t\t\t\t\t\t\t\t\t<p>ESTENZIONE: 6,7 ha<br \/>ALTITUDINE: 330 mt s.l.m.<br \/>ESPOSIZIONE: Nord-nord-est<br \/>TERRENO: Di origine marina con arenaria e striature argillose<br \/>VARIETA\u2019: 100% Sangiovese grosso<br \/>FORMA DI ALLEVAMENTO: Cordone speronato<br \/>ETA\u2019 VIGNETI (al 2026): 35, 30, 23 e 20 anni<br \/>ISCRIZIONE VIGNETI: Brunello di Montalcino DOCG (6ha) e Rosso di Montalcino DOC (0,7ha)<br \/>RACCOLTA: Selezione manuale<\/p>\t\t\t\t\t\t\t\t<\/div>\n\t\t\t\t<\/div>\n\t\t\t\t<div class=\"elementor-element elementor-element-6392e03 elementor-widget elementor-widget-heading\" data-id=\"6392e03\" data-element_type=\"widget\" data-e-type=\"widget\" data-widget_type=\"heading.default\">\n\t\t\t\t<div class=\"elementor-widget-container\">\n\t\t\t\t\t<h6 class=\"elementor-heading-title elementor-size-default\">PULLERA<\/h6>\t\t\t\t<\/div>\n\t\t\t\t<\/div>\n\t\t\t\t<div class=\"vamtam-has-theme-widget-styles elementor-element elementor-element-0f64d94 elementor-widget elementor-widget-text-editor\" data-id=\"0f64d94\" data-element_type=\"widget\" data-e-type=\"widget\" data-widget_type=\"text-editor.default\">\n\t\t\t\t<div class=\"elementor-widget-container\">\n\t\t\t\t\t\t\t\t\t<p>ESTENZIONE: 2,3 ha<br \/>ALTITUDINE: 550 mt s.l.m.<br \/>ESPOSIZIONE: Sud-est<br \/>TERRENO: Dominio ligure esterno, prevalentemente roccioso con arenarie e siltiti. <br \/>VARIETA\u2019: 100% Sangiovese grosso<br \/>FORMA DI ALLEVAMENTO: Cordone speronato<br \/>ETA\u2019 VIGNETI (al 2026): 12 e 2 anni<br \/>ISCRIZIONE VIGNETI: Rosso di Montalcino DOC (1ha) e IGT Toscana (1,3ha)<br \/>RACCOLTA: Selezione manuale<\/p>\t\t\t\t\t\t\t\t<\/div>\n\t\t\t\t<\/div>\n\t\t\t\t\t<\/div>\n\t\t<\/div>\n\t\t\t\t\t<\/div>\n\t\t<\/section>\n\t\t\t\t<section class=\"elementor-section elementor-top-section elementor-element elementor-element-cecc999 elementor-section-boxed elementor-section-height-default elementor-section-height-default\" data-id=\"cecc999\" data-element_type=\"section\" data-e-type=\"section\">\n\t\t\t\t\t\t<div class=\"elementor-container elementor-column-gap-no\">\n\t\t\t\t\t<div class=\"elementor-column elementor-col-100 elementor-top-column elementor-element elementor-element-fc30f8c\" data-id=\"fc30f8c\" data-element_type=\"column\" data-e-type=\"column\">\n\t\t\t<div class=\"elementor-widget-wrap elementor-element-populated\">\n\t\t\t\t\t\t<div class=\"elementor-element elementor-element-a4db6b1 elementor-invisible elementor-widget elementor-widget-heading\" data-id=\"a4db6b1\" data-element_type=\"widget\" data-e-type=\"widget\" data-settings=\"{&quot;_animation&quot;:&quot;fadeInUp&quot;,&quot;_animation_tablet&quot;:&quot;none&quot;}\" data-widget_type=\"heading.default\">\n\t\t\t\t<div class=\"elementor-widget-container\">\n\t\t\t\t\t<h2 class=\"elementor-heading-title elementor-size-default\">La Tenuta<\/h2>\t\t\t\t<\/div>\n\t\t\t\t<\/div>\n\t\t\t\t<div class=\"vamtam-has-theme-widget-styles elementor-element elementor-element-a3ca45f elementor-widget elementor-widget-text-editor\" data-id=\"a3ca45f\" data-element_type=\"widget\" data-e-type=\"widget\" data-widget_type=\"text-editor.default\">\n\t\t\t\t<div class=\"elementor-widget-container\">\n\t\t\t\t\t\t\t\t\t<p>Tutti i vigneti sono di propriet\u00e0 e derivati dalle terre ereditate da Fiorella Biondi Santi. Sono disposti in due zone, una principale a NORD (Le Chiuse) ed una, sviluppata di recente, a SUD (Pullera). Entrambe molto vicine al paese ma allo stesso tempo diverse per altitudine, esposizione e composizione del terreno. Le Chiuse tende a dare vini pi\u00f9 profondi ed ampi mentre la Pullera porta freschezza, etereit\u00e0 e dinamismo. Questo ci induce ad utilizzare Le Chiuse principalmente per Brunello di Montalcino e Rosso di Montalcino, mentre Pullera \u00e8 particolarmente adatta per i vini giovani, oltre al Rosso di Montalcino, lo \u201cSferracavalli\u201d e lo spumante \u201cStellare\u201d.<br \/>A livello agronomico i vigneti sono in regime di coltivazione biologica e, spesso, vengono seguiti i principi fondamentali dell\u2019agricoltura biodinamica. Un altro punto per noi fondamentale \u00e8 l\u2019indice di compattazione del terreno; gran parte delle decisioni in vigna vengono infatti prese per preservare un suolo areato, dunque drenante e ricco di microrganismi attivi.\u00a0<\/p><p><strong>Lo scopo \u00e8 quello di creare una simbiosi sempre pi\u00f9 profonda tra la terra, le piante e l\u2019uomo. <\/strong><\/p>\t\t\t\t\t\t\t\t<\/div>\n\t\t\t\t<\/div>\n\t\t\t\t\t<\/div>\n\t\t<\/div>\n\t\t\t\t\t<\/div>\n\t\t<\/section>\n\t\t\t\t<section class=\"elementor-section elementor-top-section elementor-element elementor-element-4b68f41 elementor-section-boxed elementor-section-height-default elementor-section-height-default\" data-id=\"4b68f41\" data-element_type=\"section\" data-e-type=\"section\">\n\t\t\t\t\t\t<div class=\"elementor-container elementor-column-gap-no\">\n\t\t\t\t\t<div class=\"elementor-column elementor-col-33 elementor-top-column elementor-element elementor-element-3d5be98\" data-id=\"3d5be98\" data-element_type=\"column\" data-e-type=\"column\">\n\t\t\t<div class=\"elementor-widget-wrap elementor-element-populated\">\n\t\t\t\t\t\t<div class=\"vamtam-has-theme-widget-styles elementor-element elementor-element-53b2af4 elementor-widget elementor-widget-image\" data-id=\"53b2af4\" data-element_type=\"widget\" data-e-type=\"widget\" data-widget_type=\"image.default\">\n\t\t\t\t<div class=\"elementor-widget-container\">\n\t\t\t\t\t\t\t\t\t<div class=\"elementor-image\">\n\t\t\t\t\t\t\t\t\t\t\t\t\t\t\t\t\t\t\t\t\t<img fetchpriority=\"high\" decoding=\"async\" width=\"800\" height=\"1200\" src=\"https:\/\/www.assistenzafirenze.it\/wp-content\/uploads\/2026\/05\/LE_CHIUSE_DESINARE_YPO_23.jpg\" class=\"attachment-full size-full wp-image-988118\" alt=\"\" srcset=\"https:\/\/www.assistenzafirenze.it\/wp-content\/uploads\/2026\/05\/LE_CHIUSE_DESINARE_YPO_23.jpg 800w, https:\/\/www.assistenzafirenze.it\/wp-content\/uploads\/2026\/05\/LE_CHIUSE_DESINARE_YPO_23-200x300.jpg 200w, https:\/\/www.assistenzafirenze.it\/wp-content\/uploads\/2026\/05\/LE_CHIUSE_DESINARE_YPO_23-683x1024.jpg 683w, https:\/\/www.assistenzafirenze.it\/wp-content\/uploads\/2026\/05\/LE_CHIUSE_DESINARE_YPO_23-768x1152.jpg 768w, https:\/\/www.assistenzafirenze.it\/wp-content\/uploads\/2026\/05\/LE_CHIUSE_DESINARE_YPO_23-630x945.jpg 630w, https:\/\/www.assistenzafirenze.it\/wp-content\/uploads\/2026\/05\/LE_CHIUSE_DESINARE_YPO_23-64x96.jpg 64w\" sizes=\"(max-width: 800px) 100vw, 800px\" \/>\t\t\t\t\t\t\t\t\t\t\t\t\t\t\t\t\t\t\t\t\t\t\t\t<\/div>\n\t\t\t\t\t\t\t\t<\/div>\n\t\t\t\t<\/div>\n\t\t\t\t\t<\/div>\n\t\t<\/div>\n\t\t\t\t<div class=\"elementor-column elementor-col-33 elementor-top-column elementor-element elementor-element-4bc585b elementor-hidden-mobile\" data-id=\"4bc585b\" data-element_type=\"column\" data-e-type=\"column\">\n\t\t\t<div class=\"elementor-widget-wrap elementor-element-populated\">\n\t\t\t\t\t\t<div class=\"vamtam-has-theme-widget-styles elementor-element elementor-element-0472cc2 elementor-widget elementor-widget-image\" data-id=\"0472cc2\" data-element_type=\"widget\" data-e-type=\"widget\" data-settings=\"{&quot;motion_fx_motion_fx_scrolling&quot;:&quot;yes&quot;,&quot;motion_fx_translateY_effect&quot;:&quot;yes&quot;,&quot;motion_fx_translateY_speed&quot;:{&quot;unit&quot;:&quot;px&quot;,&quot;size&quot;:2,&quot;sizes&quot;:[]},&quot;motion_fx_translateY_affectedRange&quot;:{&quot;unit&quot;:&quot;%&quot;,&quot;size&quot;:&quot;&quot;,&quot;sizes&quot;:{&quot;start&quot;:25,&quot;end&quot;:82}},&quot;motion_fx_devices&quot;:[&quot;desktop&quot;]}\" data-widget_type=\"image.default\">\n\t\t\t\t<div class=\"elementor-widget-container\">\n\t\t\t\t\t\t\t\t\t<div class=\"elementor-image\">\n\t\t\t\t\t\t\t\t\t\t\t\t\t\t\t\t\t\t\t\t\t<img decoding=\"async\" width=\"175\" height=\"701\" src=\"https:\/\/www.assistenzafirenze.it\/wp-content\/uploads\/2026\/04\/Riserva.png\" class=\"attachment-full size-full wp-image-987867\" alt=\"\" srcset=\"https:\/\/www.assistenzafirenze.it\/wp-content\/uploads\/2026\/04\/Riserva.png 175w, https:\/\/www.assistenzafirenze.it\/wp-content\/uploads\/2026\/04\/Riserva-75x300.png 75w, https:\/\/www.assistenzafirenze.it\/wp-content\/uploads\/2026\/04\/Riserva-64x256.png 64w\" sizes=\"(max-width: 175px) 100vw, 175px\" \/>\t\t\t\t\t\t\t\t\t\t\t\t\t\t\t\t\t\t\t\t\t\t\t\t<\/div>\n\t\t\t\t\t\t\t\t<\/div>\n\t\t\t\t<\/div>\n\t\t\t\t\t<\/div>\n\t\t<\/div>\n\t\t\t\t<div class=\"elementor-column elementor-col-33 elementor-top-column elementor-element elementor-element-27d1052\" data-id=\"27d1052\" data-element_type=\"column\" data-e-type=\"column\">\n\t\t\t<div class=\"elementor-widget-wrap elementor-element-populated\">\n\t\t\t\t\t\t<div class=\"vamtam-has-theme-widget-styles elementor-element elementor-element-75ac44f elementor-widget elementor-widget-image\" data-id=\"75ac44f\" data-element_type=\"widget\" data-e-type=\"widget\" data-widget_type=\"image.default\">\n\t\t\t\t<div class=\"elementor-widget-container\">\n\t\t\t\t\t\t\t\t\t<div class=\"elementor-image\">\n\t\t\t\t\t\t\t\t\t\t\t\t\t\t\t\t\t\t\t\t\t<img decoding=\"async\" width=\"800\" height=\"1200\" src=\"https:\/\/www.assistenzafirenze.it\/wp-content\/uploads\/2026\/05\/germoglio.jpg\" class=\"attachment-full size-full wp-image-988121\" alt=\"\" srcset=\"https:\/\/www.assistenzafirenze.it\/wp-content\/uploads\/2026\/05\/germoglio.jpg 800w, https:\/\/www.assistenzafirenze.it\/wp-content\/uploads\/2026\/05\/germoglio-200x300.jpg 200w, https:\/\/www.assistenzafirenze.it\/wp-content\/uploads\/2026\/05\/germoglio-683x1024.jpg 683w, https:\/\/www.assistenzafirenze.it\/wp-content\/uploads\/2026\/05\/germoglio-768x1152.jpg 768w, https:\/\/www.assistenzafirenze.it\/wp-content\/uploads\/2026\/05\/germoglio-630x945.jpg 630w, https:\/\/www.assistenzafirenze.it\/wp-content\/uploads\/2026\/05\/germoglio-64x96.jpg 64w\" sizes=\"(max-width: 800px) 100vw, 800px\" \/>\t\t\t\t\t\t\t\t\t\t\t\t\t\t\t\t\t\t\t\t\t\t\t\t<\/div>\n\t\t\t\t\t\t\t\t<\/div>\n\t\t\t\t<\/div>\n\t\t\t\t\t<\/div>\n\t\t<\/div>\n\t\t\t\t\t<\/div>\n\t\t<\/section>\n\t\t\t\t<\/div>\n\t\t","protected":false},"excerpt":{"rendered":"<p>Le Vigne Il nostro obbiettivo \u00e8 creare una simbiosi sempre pi\u00f9 profonda tra terra, vigne e uomo, coltivando armonia, autenticit\u00e0 e rispetto per la natura in ogni gesto. Tenute Le chiuse ESTENZIONE: 6,7 haALTITUDINE: 330 mt s.l.m.ESPOSIZIONE: Nord-nord-estTERRENO: Di origine marina con arenaria e striature argilloseVARIETA\u2019: 100% Sangiovese grossoFORMA DI ALLEVAMENTO: Cordone speronatoETA\u2019 VIGNETI (al&#8230;<\/p>\n","protected":false},"author":1,"featured_media":0,"parent":0,"menu_order":0,"comment_status":"closed","ping_status":"closed","template":"","meta":{"footnotes":""},"class_list":["post-988094","page","type-page","status-publish","hentry"],"yoast_head":"<!-- This site is optimized with the Yoast SEO plugin v28.4 - https:\/\/yoast.com\/product\/yoast-seo-wordpress\/ -->\n<title>Le Vigne - Le Chiuse<\/title>\n<meta name=\"robots\" content=\"index, follow, max-snippet:-1, max-image-preview:large, max-video-preview:-1\" \/>\n<link rel=\"canonical\" href=\"https:\/\/www.assistenzafirenze.it\/index.php\/le-vigne\/\" \/>\n<meta property=\"og:locale\" content=\"it_IT\" \/>\n<meta property=\"og:type\" content=\"article\" \/>\n<meta property=\"og:title\" content=\"Le Vigne - Le Chiuse\" \/>\n<meta property=\"og:description\" content=\"Le Vigne Il nostro obbiettivo \u00e8 creare una simbiosi sempre pi\u00f9 profonda tra terra, vigne e uomo, coltivando armonia, autenticit\u00e0 e rispetto per la natura in ogni gesto. Tenute Le chiuse ESTENZIONE: 6,7 haALTITUDINE: 330 mt s.l.m.ESPOSIZIONE: Nord-nord-estTERRENO: Di origine marina con arenaria e striature argilloseVARIETA\u2019: 100% Sangiovese grossoFORMA DI ALLEVAMENTO: Cordone speronatoETA\u2019 VIGNETI (al...\" \/>\n<meta property=\"og:url\" content=\"https:\/\/www.assistenzafirenze.it\/index.php\/le-vigne\/\" \/>\n<meta property=\"og:site_name\" content=\"Le Chiuse\" \/>\n<meta property=\"article:modified_time\" content=\"2026-05-26T15:11:31+00:00\" \/>\n<meta property=\"og:image\" content=\"http:\/\/www.assistenzafirenze.it\/wp-content\/uploads\/2026\/05\/LE_CHIUSE_DESINARE_YPO_23.jpg\" \/>\n<meta name=\"twitter:card\" content=\"summary_large_image\" \/>\n<meta name=\"twitter:label1\" content=\"Tempo di lettura stimato\" \/>\n\t<meta name=\"twitter:data1\" content=\"3 minuti\" \/>\n<script type=\"application\/ld+json\" class=\"yoast-schema-graph\">{\"@context\":\"https:\\\/\\\/schema.org\",\"@graph\":[{\"@type\":\"WebPage\",\"@id\":\"https:\\\/\\\/www.assistenzafirenze.it\\\/index.php\\\/le-vigne\\\/\",\"url\":\"https:\\\/\\\/www.assistenzafirenze.it\\\/index.php\\\/le-vigne\\\/\",\"name\":\"Le Vigne - Le Chiuse\",\"isPartOf\":{\"@id\":\"http:\\\/\\\/www.assistenzafirenze.it\\\/#website\"},\"primaryImageOfPage\":{\"@id\":\"https:\\\/\\\/www.assistenzafirenze.it\\\/index.php\\\/le-vigne\\\/#primaryimage\"},\"image\":{\"@id\":\"https:\\\/\\\/www.assistenzafirenze.it\\\/index.php\\\/le-vigne\\\/#primaryimage\"},\"thumbnailUrl\":\"http:\\\/\\\/www.assistenzafirenze.it\\\/wp-content\\\/uploads\\\/2026\\\/05\\\/LE_CHIUSE_DESINARE_YPO_23.jpg\",\"datePublished\":\"2026-05-26T13:57:13+00:00\",\"dateModified\":\"2026-05-26T15:11:31+00:00\",\"breadcrumb\":{\"@id\":\"https:\\\/\\\/www.assistenzafirenze.it\\\/index.php\\\/le-vigne\\\/#breadcrumb\"},\"inLanguage\":\"it-IT\",\"potentialAction\":[{\"@type\":\"ReadAction\",\"target\":[\"https:\\\/\\\/www.assistenzafirenze.it\\\/index.php\\\/le-vigne\\\/\"]}]},{\"@type\":\"ImageObject\",\"inLanguage\":\"it-IT\",\"@id\":\"https:\\\/\\\/www.assistenzafirenze.it\\\/index.php\\\/le-vigne\\\/#primaryimage\",\"url\":\"https:\\\/\\\/www.assistenzafirenze.it\\\/wp-content\\\/uploads\\\/2026\\\/05\\\/LE_CHIUSE_DESINARE_YPO_23.jpg\",\"contentUrl\":\"https:\\\/\\\/www.assistenzafirenze.it\\\/wp-content\\\/uploads\\\/2026\\\/05\\\/LE_CHIUSE_DESINARE_YPO_23.jpg\",\"width\":800,\"height\":1200},{\"@type\":\"BreadcrumbList\",\"@id\":\"https:\\\/\\\/www.assistenzafirenze.it\\\/index.php\\\/le-vigne\\\/#breadcrumb\",\"itemListElement\":[{\"@type\":\"ListItem\",\"position\":1,\"name\":\"Home\",\"item\":\"http:\\\/\\\/www.assistenzafirenze.it\\\/\"},{\"@type\":\"ListItem\",\"position\":2,\"name\":\"Le Vigne\"}]},{\"@type\":\"WebSite\",\"@id\":\"http:\\\/\\\/www.assistenzafirenze.it\\\/#website\",\"url\":\"http:\\\/\\\/www.assistenzafirenze.it\\\/\",\"name\":\"Le Chiuse\",\"description\":\"Le Chiuse Montalcino\",\"publisher\":{\"@id\":\"http:\\\/\\\/www.assistenzafirenze.it\\\/#organization\"},\"potentialAction\":[{\"@type\":\"SearchAction\",\"target\":{\"@type\":\"EntryPoint\",\"urlTemplate\":\"http:\\\/\\\/www.assistenzafirenze.it\\\/?s={search_term_string}\"},\"query-input\":{\"@type\":\"PropertyValueSpecification\",\"valueRequired\":true,\"valueName\":\"search_term_string\"}}],\"inLanguage\":\"it-IT\"},{\"@type\":\"Organization\",\"@id\":\"http:\\\/\\\/www.assistenzafirenze.it\\\/#organization\",\"name\":\"Le Chiuse\",\"url\":\"http:\\\/\\\/www.assistenzafirenze.it\\\/\",\"logo\":{\"@type\":\"ImageObject\",\"inLanguage\":\"it-IT\",\"@id\":\"http:\\\/\\\/www.assistenzafirenze.it\\\/#\\\/schema\\\/logo\\\/image\\\/\",\"url\":\"https:\\\/\\\/www.assistenzafirenze.it\\\/wp-content\\\/uploads\\\/2026\\\/04\\\/logochiuseoff.png\",\"contentUrl\":\"https:\\\/\\\/www.assistenzafirenze.it\\\/wp-content\\\/uploads\\\/2026\\\/04\\\/logochiuseoff.png\",\"width\":561,\"height\":348,\"caption\":\"Le Chiuse\"},\"image\":{\"@id\":\"http:\\\/\\\/www.assistenzafirenze.it\\\/#\\\/schema\\\/logo\\\/image\\\/\"}}]}<\/script>\n<!-- \/ Yoast SEO plugin. -->","yoast_head_json":{"title":"Le Vigne - Le Chiuse","robots":{"index":"index","follow":"follow","max-snippet":"max-snippet:-1","max-image-preview":"max-image-preview:large","max-video-preview":"max-video-preview:-1"},"canonical":"https:\/\/www.assistenzafirenze.it\/index.php\/le-vigne\/","og_locale":"it_IT","og_type":"article","og_title":"Le Vigne - Le Chiuse","og_description":"Le Vigne Il nostro obbiettivo \u00e8 creare una simbiosi sempre pi\u00f9 profonda tra terra, vigne e uomo, coltivando armonia, autenticit\u00e0 e rispetto per la natura in ogni gesto. Tenute Le chiuse ESTENZIONE: 6,7 haALTITUDINE: 330 mt s.l.m.ESPOSIZIONE: Nord-nord-estTERRENO: Di origine marina con arenaria e striature argilloseVARIETA\u2019: 100% Sangiovese grossoFORMA DI ALLEVAMENTO: Cordone speronatoETA\u2019 VIGNETI (al...","og_url":"https:\/\/www.assistenzafirenze.it\/index.php\/le-vigne\/","og_site_name":"Le Chiuse","article_modified_time":"2026-05-26T15:11:31+00:00","og_image":[{"url":"http:\/\/www.assistenzafirenze.it\/wp-content\/uploads\/2026\/05\/LE_CHIUSE_DESINARE_YPO_23.jpg","type":"","width":"","height":""}],"twitter_card":"summary_large_image","twitter_misc":{"Tempo di lettura stimato":"3 minuti"},"schema":{"@context":"https:\/\/schema.org","@graph":[{"@type":"WebPage","@id":"https:\/\/www.assistenzafirenze.it\/index.php\/le-vigne\/","url":"https:\/\/www.assistenzafirenze.it\/index.php\/le-vigne\/","name":"Le Vigne - Le Chiuse","isPartOf":{"@id":"http:\/\/www.assistenzafirenze.it\/#website"},"primaryImageOfPage":{"@id":"https:\/\/www.assistenzafirenze.it\/index.php\/le-vigne\/#primaryimage"},"image":{"@id":"https:\/\/www.assistenzafirenze.it\/index.php\/le-vigne\/#primaryimage"},"thumbnailUrl":"http:\/\/www.assistenzafirenze.it\/wp-content\/uploads\/2026\/05\/LE_CHIUSE_DESINARE_YPO_23.jpg","datePublished":"2026-05-26T13:57:13+00:00","dateModified":"2026-05-26T15:11:31+00:00","breadcrumb":{"@id":"https:\/\/www.assistenzafirenze.it\/index.php\/le-vigne\/#breadcrumb"},"inLanguage":"it-IT","potentialAction":[{"@type":"ReadAction","target":["https:\/\/www.assistenzafirenze.it\/index.php\/le-vigne\/"]}]},{"@type":"ImageObject","inLanguage":"it-IT","@id":"https:\/\/www.assistenzafirenze.it\/index.php\/le-vigne\/#primaryimage","url":"https:\/\/www.assistenzafirenze.it\/wp-content\/uploads\/2026\/05\/LE_CHIUSE_DESINARE_YPO_23.jpg","contentUrl":"https:\/\/www.assistenzafirenze.it\/wp-content\/uploads\/2026\/05\/LE_CHIUSE_DESINARE_YPO_23.jpg","width":800,"height":1200},{"@type":"BreadcrumbList","@id":"https:\/\/www.assistenzafirenze.it\/index.php\/le-vigne\/#breadcrumb","itemListElement":[{"@type":"ListItem","position":1,"name":"Home","item":"http:\/\/www.assistenzafirenze.it\/"},{"@type":"ListItem","position":2,"name":"Le Vigne"}]},{"@type":"WebSite","@id":"http:\/\/www.assistenzafirenze.it\/#website","url":"http:\/\/www.assistenzafirenze.it\/","name":"Le Chiuse","description":"Le Chiuse Montalcino","publisher":{"@id":"http:\/\/www.assistenzafirenze.it\/#organization"},"potentialAction":[{"@type":"SearchAction","target":{"@type":"EntryPoint","urlTemplate":"http:\/\/www.assistenzafirenze.it\/?s={search_term_string}"},"query-input":{"@type":"PropertyValueSpecification","valueRequired":true,"valueName":"search_term_string"}}],"inLanguage":"it-IT"},{"@type":"Organization","@id":"http:\/\/www.assistenzafirenze.it\/#organization","name":"Le Chiuse","url":"http:\/\/www.assistenzafirenze.it\/","logo":{"@type":"ImageObject","inLanguage":"it-IT","@id":"http:\/\/www.assistenzafirenze.it\/#\/schema\/logo\/image\/","url":"https:\/\/www.assistenzafirenze.it\/wp-content\/uploads\/2026\/04\/logochiuseoff.png","contentUrl":"https:\/\/www.assistenzafirenze.it\/wp-content\/uploads\/2026\/04\/logochiuseoff.png","width":561,"height":348,"caption":"Le Chiuse"},"image":{"@id":"http:\/\/www.assistenzafirenze.it\/#\/schema\/logo\/image\/"}}]}},"_links":{"self":[{"href":"https:\/\/www.assistenzafirenze.it\/index.php\/wp-json\/wp\/v2\/pages\/988094","targetHints":{"allow":["GET"]}}],"collection":[{"href":"https:\/\/www.assistenzafirenze.it\/index.php\/wp-json\/wp\/v2\/pages"}],"about":[{"href":"https:\/\/www.assistenzafirenze.it\/index.php\/wp-json\/wp\/v2\/types\/page"}],"author":[{"embeddable":true,"href":"https:\/\/www.assistenzafirenze.it\/index.php\/wp-json\/wp\/v2\/users\/1"}],"replies":[{"embeddable":true,"href":"https:\/\/www.assistenzafirenze.it\/index.php\/wp-json\/wp\/v2\/comments?post=988094"}],"version-history":[{"count":22,"href":"https:\/\/www.assistenzafirenze.it\/index.php\/wp-json\/wp\/v2\/pages\/988094\/revisions"}],"predecessor-version":[{"id":988129,"href":"https:\/\/www.assistenzafirenze.it\/index.php\/wp-json\/wp\/v2\/pages\/988094\/revisions\/988129"}],"wp:attachment":[{"href":"https:\/\/www.assistenzafirenze.it\/index.php\/wp-json\/wp\/v2\/media?parent=988094"}],"curies":[{"name":"wp","href":"https:\/\/api.w.org\/{rel}","templated":true}]}}