{"id":988371,"date":"2026-06-12T12:43:05","date_gmt":"2026-06-12T12:43:05","guid":{"rendered":"https:\/\/www.assistenzafirenze.it\/?page_id=988371"},"modified":"2026-06-12T12:45:39","modified_gmt":"2026-06-12T12:45:39","slug":"elementor-pagina-988371","status":"publish","type":"page","link":"http:\/\/www.assistenzafirenze.it\/index.php\/elementor-pagina-988371\/","title":{"rendered":"Nel Mondo"},"content":{"rendered":"\t\t<div data-elementor-type=\"wp-page\" data-elementor-id=\"988371\" class=\"elementor elementor-988371\" data-elementor-post-type=\"page\">\n\t\t\t\t\t\t<section class=\"elementor-section elementor-top-section elementor-element elementor-element-8269b3d elementor-section-height-min-height elementor-section-items-stretch elementor-section-content-bottom elementor-section-boxed elementor-section-height-default\" data-id=\"8269b3d\" data-element_type=\"section\" data-e-type=\"section\" data-settings=\"{&quot;background_background&quot;:&quot;classic&quot;}\">\n\t\t\t\t\t\t<div class=\"elementor-container elementor-column-gap-no\">\n\t\t\t\t\t<div class=\"elementor-column elementor-col-100 elementor-top-column elementor-element elementor-element-27f1849\" data-id=\"27f1849\" data-element_type=\"column\" data-e-type=\"column\" data-settings=\"{&quot;background_background&quot;:&quot;classic&quot;}\">\n\t\t\t<div class=\"elementor-widget-wrap elementor-element-populated\">\n\t\t\t\t\t\t<div class=\"elementor-element elementor-element-43a0e94 e-transform elementor-widget-divider--view-line elementor-widget elementor-widget-divider\" data-id=\"43a0e94\" data-element_type=\"widget\" data-e-type=\"widget\" data-settings=\"{&quot;_transform_rotateZ_effect&quot;:{&quot;unit&quot;:&quot;px&quot;,&quot;size&quot;:90,&quot;sizes&quot;:[]},&quot;motion_fx_motion_fx_scrolling&quot;:&quot;yes&quot;,&quot;motion_fx_translateX_effect&quot;:&quot;yes&quot;,&quot;motion_fx_translateX_direction&quot;:&quot;negative&quot;,&quot;motion_fx_translateX_speed&quot;:{&quot;unit&quot;:&quot;px&quot;,&quot;size&quot;:2,&quot;sizes&quot;:[]},&quot;motion_fx_translateX_affectedRange&quot;:{&quot;unit&quot;:&quot;%&quot;,&quot;size&quot;:&quot;&quot;,&quot;sizes&quot;:{&quot;start&quot;:25,&quot;end&quot;:65}},&quot;motion_fx_devices&quot;:[&quot;desktop&quot;],&quot;_transform_rotateZ_effect_tablet&quot;:{&quot;unit&quot;:&quot;deg&quot;,&quot;size&quot;:&quot;&quot;,&quot;sizes&quot;:[]},&quot;_transform_rotateZ_effect_mobile&quot;:{&quot;unit&quot;:&quot;deg&quot;,&quot;size&quot;:&quot;&quot;,&quot;sizes&quot;:[]}}\" data-widget_type=\"divider.default\">\n\t\t\t\t<div class=\"elementor-widget-container\">\n\t\t\t\t\t\t\t<div class=\"elementor-divider\">\n\t\t\t<span class=\"elementor-divider-separator\">\n\t\t\t\t\t\t<\/span>\n\t\t<\/div>\n\t\t\t\t\t\t<\/div>\n\t\t\t\t<\/div>\n\t\t\t\t\t<\/div>\n\t\t<\/div>\n\t\t\t\t\t<\/div>\n\t\t<\/section>\n\t\t\t\t<section class=\"elementor-section elementor-top-section elementor-element elementor-element-ab5ae30 elementor-section-boxed elementor-section-height-default elementor-section-height-default\" data-id=\"ab5ae30\" data-element_type=\"section\" data-e-type=\"section\">\n\t\t\t\t\t\t<div class=\"elementor-container elementor-column-gap-no\">\n\t\t\t\t\t<div class=\"elementor-column elementor-col-100 elementor-top-column elementor-element elementor-element-45d80e0\" data-id=\"45d80e0\" data-element_type=\"column\" data-e-type=\"column\">\n\t\t\t<div class=\"elementor-widget-wrap elementor-element-populated\">\n\t\t\t\t\t\t<div class=\"elementor-element elementor-element-9a08f5f elementor-invisible elementor-widget elementor-widget-heading\" data-id=\"9a08f5f\" data-element_type=\"widget\" data-e-type=\"widget\" data-settings=\"{&quot;_animation&quot;:&quot;fadeInUp&quot;,&quot;_animation_tablet&quot;:&quot;none&quot;}\" data-widget_type=\"heading.default\">\n\t\t\t\t<div class=\"elementor-widget-container\">\n\t\t\t\t\t<h1 class=\"elementor-heading-title elementor-size-default\">Nel Mondo<\/h1>\t\t\t\t<\/div>\n\t\t\t\t<\/div>\n\t\t\t\t<div class=\"vamtam-has-theme-widget-styles elementor-element elementor-element-11828b9 elementor-widget elementor-widget-text-editor\" data-id=\"11828b9\" data-element_type=\"widget\" data-e-type=\"widget\" data-widget_type=\"text-editor.default\">\n\t\t\t\t<div class=\"elementor-widget-container\">\n\t\t\t\t\t\t\t\t\t<p>Nella nostra azienda familiare, ogni filare racconta la nostra storia: il sapere tramandato dalle generazioni passate si unisce oggi a nuove tecnologie e metodi sostenibili, nel rispetto della natura. Ogni grappolo d\u2019uva racchiude passione, tradizione e amore per la terra di Montalcino.<\/p>\t\t\t\t\t\t\t\t<\/div>\n\t\t\t\t<\/div>\n\t\t\t\t\t<\/div>\n\t\t<\/div>\n\t\t\t\t\t<\/div>\n\t\t<\/section>\n\t\t\t\t<section class=\"elementor-section elementor-top-section elementor-element elementor-element-d405a6e elementor-section-boxed elementor-section-height-default elementor-section-height-default\" data-id=\"d405a6e\" data-element_type=\"section\" data-e-type=\"section\">\n\t\t\t\t\t\t<div class=\"elementor-container elementor-column-gap-no\">\n\t\t\t\t\t<div class=\"elementor-column elementor-col-50 elementor-top-column elementor-element elementor-element-40a521d\" data-id=\"40a521d\" data-element_type=\"column\" data-e-type=\"column\" data-settings=\"{&quot;background_background&quot;:&quot;classic&quot;,&quot;background_motion_fx_motion_fx_scrolling&quot;:&quot;yes&quot;,&quot;background_motion_fx_scale_effect&quot;:&quot;yes&quot;,&quot;background_motion_fx_scale_speed&quot;:{&quot;unit&quot;:&quot;px&quot;,&quot;size&quot;:2,&quot;sizes&quot;:[]},&quot;background_motion_fx_devices&quot;:[&quot;desktop&quot;],&quot;background_motion_fx_scale_direction&quot;:&quot;out-in&quot;,&quot;background_motion_fx_scale_range&quot;:{&quot;unit&quot;:&quot;%&quot;,&quot;size&quot;:&quot;&quot;,&quot;sizes&quot;:{&quot;start&quot;:20,&quot;end&quot;:80}}}\">\n\t\t\t<div class=\"elementor-widget-wrap elementor-element-populated\">\n\t\t\t\t\t\t<div class=\"elementor-element elementor-element-0e9296c elementor-widget elementor-widget-spacer\" data-id=\"0e9296c\" data-element_type=\"widget\" data-e-type=\"widget\" data-widget_type=\"spacer.default\">\n\t\t\t\t<div class=\"elementor-widget-container\">\n\t\t\t\t\t\t\t<div class=\"elementor-spacer\">\n\t\t\t<div class=\"elementor-spacer-inner\"><\/div>\n\t\t<\/div>\n\t\t\t\t\t\t<\/div>\n\t\t\t\t<\/div>\n\t\t\t\t<div class=\"elementor-element elementor-element-47fafcc elementor-widget__width-initial elementor-absolute elementor-widget elementor-widget-video\" data-id=\"47fafcc\" data-element_type=\"widget\" data-e-type=\"widget\" data-settings=\"{&quot;youtube_url&quot;:&quot;https:\\\/\\\/youtube.com\\\/shorts\\\/opGo-YxLwao?si=VexhFSnx5zvqJOpP&quot;,&quot;_position&quot;:&quot;absolute&quot;,&quot;video_type&quot;:&quot;youtube&quot;,&quot;controls&quot;:&quot;yes&quot;}\" data-widget_type=\"video.default\">\n\t\t\t\t<div class=\"elementor-widget-container\">\n\t\t\t\t\t\t\t<div class=\"elementor-wrapper elementor-open-inline\">\n\t\t\t<div class=\"elementor-video\"><\/div>\t\t<\/div>\n\t\t\t\t\t\t<\/div>\n\t\t\t\t<\/div>\n\t\t\t\t\t<\/div>\n\t\t<\/div>\n\t\t\t\t<div class=\"elementor-column elementor-col-50 elementor-top-column elementor-element elementor-element-25eabe2\" data-id=\"25eabe2\" data-element_type=\"column\" data-e-type=\"column\">\n\t\t\t<div class=\"elementor-widget-wrap elementor-element-populated\">\n\t\t\t\t\t\t<div class=\"elementor-element elementor-element-fe65524 elementor-widget elementor-widget-heading\" data-id=\"fe65524\" data-element_type=\"widget\" data-e-type=\"widget\" data-widget_type=\"heading.default\">\n\t\t\t\t<div class=\"elementor-widget-container\">\n\t\t\t\t\t<h2 class=\"elementor-heading-title elementor-size-default\">Dare Valore prestando attenzione ad ogni singolo Dettaglio<\/h2>\t\t\t\t<\/div>\n\t\t\t\t<\/div>\n\t\t\t\t<div class=\"vamtam-has-theme-widget-styles elementor-element elementor-element-9058d09 elementor-widget elementor-widget-text-editor\" data-id=\"9058d09\" data-element_type=\"widget\" data-e-type=\"widget\" data-widget_type=\"text-editor.default\">\n\t\t\t\t<div class=\"elementor-widget-container\">\n\t\t\t\t\t\t\t\t\t<p><strong>Le Chiuse<\/strong> oggi si estende per 18 ettari tra vigneti, oliveti e boschi, tutti a conduzione biologica. Sono 9 gli ettari vitati, 7 dei quali nel versante nord della collina di Montalcino, mentre i restanti 2 si trovano a sud-est del paese. Nel cuore aziendale la cantina interrata, un agriturismo con tre appartamenti ed una sala degustazione.\u00a0<\/p>\t\t\t\t\t\t\t\t<\/div>\n\t\t\t\t<\/div>\n\t\t\t\t<div class=\"elementor-element elementor-element-b244ef4 elementor-widget elementor-widget-spacer\" data-id=\"b244ef4\" data-element_type=\"widget\" data-e-type=\"widget\" data-widget_type=\"spacer.default\">\n\t\t\t\t<div class=\"elementor-widget-container\">\n\t\t\t\t\t\t\t<div class=\"elementor-spacer\">\n\t\t\t<div class=\"elementor-spacer-inner\"><\/div>\n\t\t<\/div>\n\t\t\t\t\t\t<\/div>\n\t\t\t\t<\/div>\n\t\t\t\t<div class=\"vamtam-has-theme-widget-styles elementor-element elementor-element-ca90336 elementor-widget elementor-widget-text-editor\" data-id=\"ca90336\" data-element_type=\"widget\" data-e-type=\"widget\" data-widget_type=\"text-editor.default\">\n\t\t\t\t<div class=\"elementor-widget-container\">\n\t\t\t\t\t\t\t\t\t<p>Le Chiuse vuole rimanere una piccola realt\u00e0 a continuazione familiare per poter preservare l\u2019artigianalit\u00e0 ed una migliore espressione territoriale. La sua evoluzione sta nel provare a migliorarsi attraverso la qualit\u00e0, la territorialit\u00e0 e la sostenibilit\u00e0 dei suoi vini.<\/p>\t\t\t\t\t\t\t\t<\/div>\n\t\t\t\t<\/div>\n\t\t\t\t<div class=\"vamtam-has-theme-widget-styles elementor-element elementor-element-558d398 elementor-widget elementor-widget-image\" data-id=\"558d398\" data-element_type=\"widget\" data-e-type=\"widget\" data-widget_type=\"image.default\">\n\t\t\t\t<div class=\"elementor-widget-container\">\n\t\t\t\t\t\t\t\t\t<div class=\"elementor-image\">\n\t\t\t\t\t\t\t\t\t\t\t\t\t\t\t\t\t\t\t\t\t<img fetchpriority=\"high\" decoding=\"async\" width=\"561\" height=\"348\" src=\"http:\/\/www.assistenzafirenze.it\/wp-content\/uploads\/2026\/04\/logochiuseoff.png\" class=\"attachment-full size-full wp-image-987895\" alt=\"\" srcset=\"http:\/\/www.assistenzafirenze.it\/wp-content\/uploads\/2026\/04\/logochiuseoff.png 561w, http:\/\/www.assistenzafirenze.it\/wp-content\/uploads\/2026\/04\/logochiuseoff-300x186.png 300w, http:\/\/www.assistenzafirenze.it\/wp-content\/uploads\/2026\/04\/logochiuseoff-64x40.png 64w\" sizes=\"(max-width: 561px) 100vw, 561px\" \/>\t\t\t\t\t\t\t\t\t\t\t\t\t\t\t\t\t\t\t\t\t\t\t\t<\/div>\n\t\t\t\t\t\t\t\t<\/div>\n\t\t\t\t<\/div>\n\t\t\t\t\t<\/div>\n\t\t<\/div>\n\t\t\t\t\t<\/div>\n\t\t<\/section>\n\t\t\t\t<section class=\"elementor-section elementor-top-section elementor-element elementor-element-f55540c elementor-reverse-mobile elementor-section-boxed elementor-section-height-default elementor-section-height-default\" data-id=\"f55540c\" data-element_type=\"section\" data-e-type=\"section\">\n\t\t\t\t\t\t<div class=\"elementor-container elementor-column-gap-no\">\n\t\t\t\t\t<div class=\"elementor-column elementor-col-50 elementor-top-column elementor-element elementor-element-dfc71e6\" data-id=\"dfc71e6\" data-element_type=\"column\" data-e-type=\"column\">\n\t\t\t<div class=\"elementor-widget-wrap elementor-element-populated\">\n\t\t\t\t\t\t<div class=\"elementor-element elementor-element-913c133 elementor-widget elementor-widget-heading\" data-id=\"913c133\" data-element_type=\"widget\" data-e-type=\"widget\" data-widget_type=\"heading.default\">\n\t\t\t\t<div class=\"elementor-widget-container\">\n\t\t\t\t\t<h2 class=\"elementor-heading-title elementor-size-default\">La Nostra Cantina<\/h2>\t\t\t\t<\/div>\n\t\t\t\t<\/div>\n\t\t\t\t<div class=\"vamtam-has-theme-widget-styles elementor-element elementor-element-179efee elementor-widget elementor-widget-text-editor\" data-id=\"179efee\" data-element_type=\"widget\" data-e-type=\"widget\" data-widget_type=\"text-editor.default\">\n\t\t\t\t<div class=\"elementor-widget-container\">\n\t\t\t\t\t\t\t\t\tOur location in the heart of Nolita on the corner of Prince Street and Bowery has become a hotspot to grab coffee and browse beautiful plants and flowers\u2014directly across the street from the New Museum. With a modern Scandinavian design, this location offers a highly curated selection of trendy plants and lush florals for our downtown customers.\t\t\t\t\t\t\t\t<\/div>\n\t\t\t\t<\/div>\n\t\t\t\t<div class=\"elementor-element elementor-element-fceab8b elementor-widget elementor-widget-heading\" data-id=\"fceab8b\" data-element_type=\"widget\" data-e-type=\"widget\" data-widget_type=\"heading.default\">\n\t\t\t\t<div class=\"elementor-widget-container\">\n\t\t\t\t\t<h6 class=\"elementor-heading-title elementor-size-default\">Address<\/h6>\t\t\t\t<\/div>\n\t\t\t\t<\/div>\n\t\t\t\t<div class=\"vamtam-has-theme-widget-styles elementor-element elementor-element-a277869 elementor-widget elementor-widget-text-editor\" data-id=\"a277869\" data-element_type=\"widget\" data-e-type=\"widget\" data-widget_type=\"text-editor.default\">\n\t\t\t\t<div class=\"elementor-widget-container\">\n\t\t\t\t\t\t\t\t\t1 Prince St. (at Bowery), New York, NY 10012\t\t\t\t\t\t\t\t<\/div>\n\t\t\t\t<\/div>\n\t\t\t\t<div class=\"elementor-element elementor-element-79efc7d elementor-widget elementor-widget-heading\" data-id=\"79efc7d\" data-element_type=\"widget\" data-e-type=\"widget\" data-widget_type=\"heading.default\">\n\t\t\t\t<div class=\"elementor-widget-container\">\n\t\t\t\t\t<h6 class=\"elementor-heading-title elementor-size-default\">Opening Times<\/h6>\t\t\t\t<\/div>\n\t\t\t\t<\/div>\n\t\t\t\t<div class=\"vamtam-has-theme-widget-styles elementor-element elementor-element-3ffafb4 elementor-widget elementor-widget-text-editor\" data-id=\"3ffafb4\" data-element_type=\"widget\" data-e-type=\"widget\" data-widget_type=\"text-editor.default\">\n\t\t\t\t<div class=\"elementor-widget-container\">\n\t\t\t\t\t\t\t\t\t<p>Monday &#8211; Saturday &#8211; 8am &#8211; 6pm<br \/>Sunday &#8211; 9am &#8211; 4pm<\/p>\t\t\t\t\t\t\t\t<\/div>\n\t\t\t\t<\/div>\n\t\t\t\t<div class=\"elementor-element elementor-element-0b6b087 elementor-widget elementor-widget-heading\" data-id=\"0b6b087\" data-element_type=\"widget\" data-e-type=\"widget\" data-widget_type=\"heading.default\">\n\t\t\t\t<div class=\"elementor-widget-container\">\n\t\t\t\t\t<h6 class=\"elementor-heading-title elementor-size-default\">Contact<\/h6>\t\t\t\t<\/div>\n\t\t\t\t<\/div>\n\t\t\t\t<div class=\"vamtam-has-theme-widget-styles elementor-element elementor-element-cc66bff elementor-widget elementor-widget-text-editor\" data-id=\"cc66bff\" data-element_type=\"widget\" data-e-type=\"widget\" data-widget_type=\"text-editor.default\">\n\t\t\t\t<div class=\"elementor-widget-container\">\n\t\t\t\t\t\t\t\t\t<p><a href=\"tel:+44 20 7321 3099\" target=\"_blank\" rel=\"noopener\">+44 20 7321 3099<\/a><br \/><a href=\"mailto:fiore.prince@fiore.com\" target=\"_blank\" rel=\"noopener\">fiore.prince@fiore.com<\/a><\/p>\t\t\t\t\t\t\t\t<\/div>\n\t\t\t\t<\/div>\n\t\t\t\t\t<\/div>\n\t\t<\/div>\n\t\t\t\t<div class=\"elementor-column elementor-col-50 elementor-top-column elementor-element elementor-element-ce6edfd\" data-id=\"ce6edfd\" data-element_type=\"column\" data-e-type=\"column\" data-settings=\"{&quot;background_background&quot;:&quot;classic&quot;}\">\n\t\t\t<div class=\"elementor-widget-wrap elementor-element-populated\">\n\t\t\t\t\t\t<div class=\"elementor-element elementor-element-84579cf elementor-widget elementor-widget-spacer\" data-id=\"84579cf\" data-element_type=\"widget\" data-e-type=\"widget\" data-widget_type=\"spacer.default\">\n\t\t\t\t<div class=\"elementor-widget-container\">\n\t\t\t\t\t\t\t<div class=\"elementor-spacer\">\n\t\t\t<div class=\"elementor-spacer-inner\"><\/div>\n\t\t<\/div>\n\t\t\t\t\t\t<\/div>\n\t\t\t\t<\/div>\n\t\t\t\t\t<\/div>\n\t\t<\/div>\n\t\t\t\t\t<\/div>\n\t\t<\/section>\n\t\t\t\t<section class=\"elementor-section elementor-top-section elementor-element elementor-element-c3f8bef elementor-section-boxed elementor-section-height-default elementor-section-height-default\" data-id=\"c3f8bef\" data-element_type=\"section\" data-e-type=\"section\">\n\t\t\t\t\t\t<div class=\"elementor-container elementor-column-gap-no\">\n\t\t\t\t\t<div class=\"elementor-column elementor-col-50 elementor-top-column elementor-element elementor-element-f872e19\" data-id=\"f872e19\" data-element_type=\"column\" data-e-type=\"column\" data-settings=\"{&quot;background_background&quot;:&quot;classic&quot;,&quot;background_motion_fx_motion_fx_scrolling&quot;:&quot;yes&quot;,&quot;background_motion_fx_scale_effect&quot;:&quot;yes&quot;,&quot;background_motion_fx_scale_speed&quot;:{&quot;unit&quot;:&quot;px&quot;,&quot;size&quot;:2,&quot;sizes&quot;:[]},&quot;background_motion_fx_devices&quot;:[&quot;desktop&quot;],&quot;background_motion_fx_scale_direction&quot;:&quot;out-in&quot;,&quot;background_motion_fx_scale_range&quot;:{&quot;unit&quot;:&quot;%&quot;,&quot;size&quot;:&quot;&quot;,&quot;sizes&quot;:{&quot;start&quot;:20,&quot;end&quot;:80}}}\">\n\t\t\t<div class=\"elementor-widget-wrap elementor-element-populated\">\n\t\t\t\t\t\t<div class=\"elementor-element elementor-element-967aef3 elementor-widget elementor-widget-spacer\" data-id=\"967aef3\" data-element_type=\"widget\" data-e-type=\"widget\" data-widget_type=\"spacer.default\">\n\t\t\t\t<div class=\"elementor-widget-container\">\n\t\t\t\t\t\t\t<div class=\"elementor-spacer\">\n\t\t\t<div class=\"elementor-spacer-inner\"><\/div>\n\t\t<\/div>\n\t\t\t\t\t\t<\/div>\n\t\t\t\t<\/div>\n\t\t\t\t\t<\/div>\n\t\t<\/div>\n\t\t\t\t<div class=\"elementor-column elementor-col-50 elementor-top-column elementor-element elementor-element-5754007\" data-id=\"5754007\" data-element_type=\"column\" data-e-type=\"column\">\n\t\t\t<div class=\"elementor-widget-wrap elementor-element-populated\">\n\t\t\t\t\t\t<div class=\"elementor-element elementor-element-4bd2f30 elementor-widget elementor-widget-heading\" data-id=\"4bd2f30\" data-element_type=\"widget\" data-e-type=\"widget\" data-widget_type=\"heading.default\">\n\t\t\t\t<div class=\"elementor-widget-container\">\n\t\t\t\t\t<h2 class=\"elementor-heading-title elementor-size-default\">L'agriturismo<\/h2>\t\t\t\t<\/div>\n\t\t\t\t<\/div>\n\t\t\t\t<div class=\"vamtam-has-theme-widget-styles elementor-element elementor-element-bcfdad6 elementor-widget elementor-widget-text-editor\" data-id=\"bcfdad6\" data-element_type=\"widget\" data-e-type=\"widget\" data-widget_type=\"text-editor.default\">\n\t\t\t\t<div class=\"elementor-widget-container\">\n\t\t\t\t\t\t\t\t\t<p>L\u2019Azienda ospita una struttura ricettiva composta da tre appartamenti, ricavati da un edificio risalente al 1840. L\u2019agriturismo si trova sulle pendici della collina di Montalcino, immerso nelle vigne della tenuta. La posizione \u00e8 ottima come punto di partenza per visitare l\u2019area naturale della Val d\u2019Orcia (patrimonio mondiale dell\u2019umanit\u00e0 dell\u2019UNESCO) e dei pittoreschi paesi che la caratterizzano.<\/p><p>Gli appartamenti sono stati ristrutturati nel 2025, nel rispetto della tradizione toscana e della storia dell\u2019edificio. <\/p><p>Sono tutti indipendenti, dotati di cucina (non si effettua servizio di ristorazione in loco), bagno con box doccia, riscaldamento autonomo a pavimento, caminetto originale decorativo, aria condizionata nelle camere da letto, WI-FI, parcheggio gratuito.<\/p><p>Nella struttura \u00e8 presente inoltre una piscina all\u2019aperto con zona relax a disposizione dei nostri ospiti<\/p>\t\t\t\t\t\t\t\t<\/div>\n\t\t\t\t<\/div>\n\t\t\t\t<div class=\"elementor-element elementor-element-36a3efd elementor-widget elementor-widget-heading\" data-id=\"36a3efd\" data-element_type=\"widget\" data-e-type=\"widget\" data-widget_type=\"heading.default\">\n\t\t\t\t<div class=\"elementor-widget-container\">\n\t\t\t\t\t<h6 class=\"elementor-heading-title elementor-size-default\">Address<\/h6>\t\t\t\t<\/div>\n\t\t\t\t<\/div>\n\t\t\t\t<div class=\"vamtam-has-theme-widget-styles elementor-element elementor-element-72295f0 elementor-widget elementor-widget-text-editor\" data-id=\"72295f0\" data-element_type=\"widget\" data-e-type=\"widget\" data-widget_type=\"text-editor.default\">\n\t\t\t\t<div class=\"elementor-widget-container\">\n\t\t\t\t\t\t\t\t\t47 E Palisade Ave, Englewood, NJ 07631\t\t\t\t\t\t\t\t<\/div>\n\t\t\t\t<\/div>\n\t\t\t\t<div class=\"elementor-element elementor-element-c2bb22f elementor-widget elementor-widget-heading\" data-id=\"c2bb22f\" data-element_type=\"widget\" data-e-type=\"widget\" data-widget_type=\"heading.default\">\n\t\t\t\t<div class=\"elementor-widget-container\">\n\t\t\t\t\t<h6 class=\"elementor-heading-title elementor-size-default\">Opening Times<\/h6>\t\t\t\t<\/div>\n\t\t\t\t<\/div>\n\t\t\t\t<div class=\"vamtam-has-theme-widget-styles elementor-element elementor-element-844ba09 elementor-widget elementor-widget-text-editor\" data-id=\"844ba09\" data-element_type=\"widget\" data-e-type=\"widget\" data-widget_type=\"text-editor.default\">\n\t\t\t\t<div class=\"elementor-widget-container\">\n\t\t\t\t\t\t\t\t\t<p>Monday &#8211; Saturday &#8211; 8am &#8211; 6pm<br \/>Sunday &#8211; 9am &#8211; 4pm<\/p>\t\t\t\t\t\t\t\t<\/div>\n\t\t\t\t<\/div>\n\t\t\t\t<div class=\"elementor-element elementor-element-f01dc19 elementor-widget elementor-widget-heading\" data-id=\"f01dc19\" data-element_type=\"widget\" data-e-type=\"widget\" data-widget_type=\"heading.default\">\n\t\t\t\t<div class=\"elementor-widget-container\">\n\t\t\t\t\t<h6 class=\"elementor-heading-title elementor-size-default\">Contact<\/h6>\t\t\t\t<\/div>\n\t\t\t\t<\/div>\n\t\t\t\t<div class=\"vamtam-has-theme-widget-styles elementor-element elementor-element-676c700 elementor-widget elementor-widget-text-editor\" data-id=\"676c700\" data-element_type=\"widget\" data-e-type=\"widget\" data-widget_type=\"text-editor.default\">\n\t\t\t\t<div class=\"elementor-widget-container\">\n\t\t\t\t\t\t\t\t\t<p><a href=\"tel:+44 20 7321 3099\" target=\"_blank\" rel=\"noopener\">+44 20 7321 3099<\/a><br \/><a href=\"mailto:fiore.englewood@fiore.com\" target=\"_blank\" rel=\"noopener\">fiore.englewood@fiore.com<\/a><\/p>\t\t\t\t\t\t\t\t<\/div>\n\t\t\t\t<\/div>\n\t\t\t\t\t<\/div>\n\t\t<\/div>\n\t\t\t\t\t<\/div>\n\t\t<\/section>\n\t\t\t\t<section class=\"elementor-section elementor-top-section elementor-element elementor-element-3556620 elementor-reverse-mobile elementor-section-boxed elementor-section-height-default elementor-section-height-default\" data-id=\"3556620\" data-element_type=\"section\" data-e-type=\"section\">\n\t\t\t\t\t\t<div class=\"elementor-container elementor-column-gap-no\">\n\t\t\t\t\t<div class=\"elementor-column elementor-col-50 elementor-top-column elementor-element elementor-element-526a5f6\" data-id=\"526a5f6\" data-element_type=\"column\" data-e-type=\"column\">\n\t\t\t<div class=\"elementor-widget-wrap elementor-element-populated\">\n\t\t\t\t\t\t<div class=\"elementor-element elementor-element-9119551 elementor-widget elementor-widget-heading\" data-id=\"9119551\" data-element_type=\"widget\" data-e-type=\"widget\" data-widget_type=\"heading.default\">\n\t\t\t\t<div class=\"elementor-widget-container\">\n\t\t\t\t\t<h2 class=\"elementor-heading-title elementor-size-default\">Sala Degustazione<\/h2>\t\t\t\t<\/div>\n\t\t\t\t<\/div>\n\t\t\t\t<div class=\"vamtam-has-theme-widget-styles elementor-element elementor-element-9530c35 elementor-widget elementor-widget-text-editor\" data-id=\"9530c35\" data-element_type=\"widget\" data-e-type=\"widget\" data-widget_type=\"text-editor.default\">\n\t\t\t\t<div class=\"elementor-widget-container\">\n\t\t\t\t\t\t\t\t\tOur location in the heart of Nolita on the corner of Prince Street and Bowery has become a hotspot to grab coffee and browse beautiful plants and flowers\u2014directly across the street from the New Museum. With a modern Scandinavian design, this location offers a highly curated selection of trendy plants and lush florals for our downtown customers.\t\t\t\t\t\t\t\t<\/div>\n\t\t\t\t<\/div>\n\t\t\t\t<div class=\"elementor-element elementor-element-54f52c6 elementor-widget elementor-widget-heading\" data-id=\"54f52c6\" data-element_type=\"widget\" data-e-type=\"widget\" data-widget_type=\"heading.default\">\n\t\t\t\t<div class=\"elementor-widget-container\">\n\t\t\t\t\t<h6 class=\"elementor-heading-title elementor-size-default\">Address<\/h6>\t\t\t\t<\/div>\n\t\t\t\t<\/div>\n\t\t\t\t<div class=\"vamtam-has-theme-widget-styles elementor-element elementor-element-632a540 elementor-widget elementor-widget-text-editor\" data-id=\"632a540\" data-element_type=\"widget\" data-e-type=\"widget\" data-widget_type=\"text-editor.default\">\n\t\t\t\t<div class=\"elementor-widget-container\">\n\t\t\t\t\t\t\t\t\t1 Prince St. (at Bowery), New York, NY 10012\t\t\t\t\t\t\t\t<\/div>\n\t\t\t\t<\/div>\n\t\t\t\t<div class=\"elementor-element elementor-element-3cb7ff5 elementor-widget elementor-widget-heading\" data-id=\"3cb7ff5\" data-element_type=\"widget\" data-e-type=\"widget\" data-widget_type=\"heading.default\">\n\t\t\t\t<div class=\"elementor-widget-container\">\n\t\t\t\t\t<h6 class=\"elementor-heading-title elementor-size-default\">Opening Times<\/h6>\t\t\t\t<\/div>\n\t\t\t\t<\/div>\n\t\t\t\t<div class=\"vamtam-has-theme-widget-styles elementor-element elementor-element-039dd89 elementor-widget elementor-widget-text-editor\" data-id=\"039dd89\" data-element_type=\"widget\" data-e-type=\"widget\" data-widget_type=\"text-editor.default\">\n\t\t\t\t<div class=\"elementor-widget-container\">\n\t\t\t\t\t\t\t\t\t<p>Monday &#8211; Saturday &#8211; 8am &#8211; 6pm<br \/>Sunday &#8211; 9am &#8211; 4pm<\/p>\t\t\t\t\t\t\t\t<\/div>\n\t\t\t\t<\/div>\n\t\t\t\t<div class=\"elementor-element elementor-element-fd8e937 elementor-widget elementor-widget-heading\" data-id=\"fd8e937\" data-element_type=\"widget\" data-e-type=\"widget\" data-widget_type=\"heading.default\">\n\t\t\t\t<div class=\"elementor-widget-container\">\n\t\t\t\t\t<h6 class=\"elementor-heading-title elementor-size-default\">Contact<\/h6>\t\t\t\t<\/div>\n\t\t\t\t<\/div>\n\t\t\t\t<div class=\"vamtam-has-theme-widget-styles elementor-element elementor-element-9fd140b elementor-widget elementor-widget-text-editor\" data-id=\"9fd140b\" data-element_type=\"widget\" data-e-type=\"widget\" data-widget_type=\"text-editor.default\">\n\t\t\t\t<div class=\"elementor-widget-container\">\n\t\t\t\t\t\t\t\t\t<p><a href=\"tel:+44 20 7321 3099\" target=\"_blank\" rel=\"noopener\">+44 20 7321 3099<\/a><br \/><a href=\"mailto:fiore.prince@fiore.com\" target=\"_blank\" rel=\"noopener\">fiore.prince@fiore.com<\/a><\/p>\t\t\t\t\t\t\t\t<\/div>\n\t\t\t\t<\/div>\n\t\t\t\t\t<\/div>\n\t\t<\/div>\n\t\t\t\t<div class=\"elementor-column elementor-col-50 elementor-top-column elementor-element elementor-element-ff9c00c\" data-id=\"ff9c00c\" data-element_type=\"column\" data-e-type=\"column\" data-settings=\"{&quot;background_background&quot;:&quot;classic&quot;}\">\n\t\t\t<div class=\"elementor-widget-wrap elementor-element-populated\">\n\t\t\t\t\t\t<div class=\"elementor-element elementor-element-8b6969a elementor-widget elementor-widget-spacer\" data-id=\"8b6969a\" data-element_type=\"widget\" data-e-type=\"widget\" data-widget_type=\"spacer.default\">\n\t\t\t\t<div class=\"elementor-widget-container\">\n\t\t\t\t\t\t\t<div class=\"elementor-spacer\">\n\t\t\t<div class=\"elementor-spacer-inner\"><\/div>\n\t\t<\/div>\n\t\t\t\t\t\t<\/div>\n\t\t\t\t<\/div>\n\t\t\t\t\t<\/div>\n\t\t<\/div>\n\t\t\t\t\t<\/div>\n\t\t<\/section>\n\t\t\t\t<\/div>\n\t\t","protected":false},"excerpt":{"rendered":"<p>Nel Mondo Nella nostra azienda familiare, ogni filare racconta la nostra storia: il sapere tramandato dalle generazioni passate si unisce oggi a nuove tecnologie e metodi sostenibili, nel rispetto della natura. Ogni grappolo d\u2019uva racchiude passione, tradizione e amore per la terra di Montalcino. Dare Valore prestando attenzione ad ogni singolo Dettaglio Le Chiuse oggi&#8230;<\/p>\n","protected":false},"author":1,"featured_media":0,"parent":0,"menu_order":0,"comment_status":"closed","ping_status":"closed","template":"","meta":{"footnotes":""},"class_list":["post-988371","page","type-page","status-publish","hentry"],"yoast_head":"<!-- This site is optimized with the Yoast SEO plugin v28.4 - https:\/\/yoast.com\/product\/yoast-seo-wordpress\/ -->\n<title>Nel Mondo - Le Chiuse<\/title>\n<meta name=\"robots\" content=\"index, follow, max-snippet:-1, max-image-preview:large, max-video-preview:-1\" \/>\n<link rel=\"canonical\" href=\"http:\/\/www.assistenzafirenze.it\/index.php\/elementor-pagina-988371\/\" \/>\n<meta property=\"og:locale\" content=\"it_IT\" \/>\n<meta property=\"og:type\" content=\"article\" \/>\n<meta property=\"og:title\" content=\"Nel Mondo - Le Chiuse\" \/>\n<meta property=\"og:description\" content=\"Nel Mondo Nella nostra azienda familiare, ogni filare racconta la nostra storia: il sapere tramandato dalle generazioni passate si unisce oggi a nuove tecnologie e metodi sostenibili, nel rispetto della natura. Ogni grappolo d\u2019uva racchiude passione, tradizione e amore per la terra di Montalcino. Dare Valore prestando attenzione ad ogni singolo Dettaglio Le Chiuse oggi...\" \/>\n<meta property=\"og:url\" content=\"http:\/\/www.assistenzafirenze.it\/index.php\/elementor-pagina-988371\/\" \/>\n<meta property=\"og:site_name\" content=\"Le Chiuse\" \/>\n<meta property=\"article:modified_time\" content=\"2026-06-12T12:45:39+00:00\" \/>\n<meta property=\"og:image\" content=\"http:\/\/www.assistenzafirenze.it\/wp-content\/uploads\/2026\/04\/logochiuseoff.png\" \/>\n<meta name=\"twitter:card\" content=\"summary_large_image\" \/>\n<meta name=\"twitter:label1\" content=\"Tempo di lettura stimato\" \/>\n\t<meta name=\"twitter:data1\" content=\"2 minuti\" \/>\n<script type=\"application\/ld+json\" class=\"yoast-schema-graph\">{\"@context\":\"https:\\\/\\\/schema.org\",\"@graph\":[{\"@type\":\"WebPage\",\"@id\":\"http:\\\/\\\/www.assistenzafirenze.it\\\/index.php\\\/elementor-pagina-988371\\\/\",\"url\":\"http:\\\/\\\/www.assistenzafirenze.it\\\/index.php\\\/elementor-pagina-988371\\\/\",\"name\":\"Nel Mondo - Le Chiuse\",\"isPartOf\":{\"@id\":\"http:\\\/\\\/www.assistenzafirenze.it\\\/#website\"},\"primaryImageOfPage\":{\"@id\":\"http:\\\/\\\/www.assistenzafirenze.it\\\/index.php\\\/elementor-pagina-988371\\\/#primaryimage\"},\"image\":{\"@id\":\"http:\\\/\\\/www.assistenzafirenze.it\\\/index.php\\\/elementor-pagina-988371\\\/#primaryimage\"},\"thumbnailUrl\":\"http:\\\/\\\/www.assistenzafirenze.it\\\/wp-content\\\/uploads\\\/2026\\\/04\\\/logochiuseoff.png\",\"datePublished\":\"2026-06-12T12:43:05+00:00\",\"dateModified\":\"2026-06-12T12:45:39+00:00\",\"breadcrumb\":{\"@id\":\"http:\\\/\\\/www.assistenzafirenze.it\\\/index.php\\\/elementor-pagina-988371\\\/#breadcrumb\"},\"inLanguage\":\"it-IT\",\"potentialAction\":[{\"@type\":\"ReadAction\",\"target\":[\"http:\\\/\\\/www.assistenzafirenze.it\\\/index.php\\\/elementor-pagina-988371\\\/\"]}]},{\"@type\":\"ImageObject\",\"inLanguage\":\"it-IT\",\"@id\":\"http:\\\/\\\/www.assistenzafirenze.it\\\/index.php\\\/elementor-pagina-988371\\\/#primaryimage\",\"url\":\"http:\\\/\\\/www.assistenzafirenze.it\\\/wp-content\\\/uploads\\\/2026\\\/04\\\/logochiuseoff.png\",\"contentUrl\":\"http:\\\/\\\/www.assistenzafirenze.it\\\/wp-content\\\/uploads\\\/2026\\\/04\\\/logochiuseoff.png\",\"width\":561,\"height\":348},{\"@type\":\"BreadcrumbList\",\"@id\":\"http:\\\/\\\/www.assistenzafirenze.it\\\/index.php\\\/elementor-pagina-988371\\\/#breadcrumb\",\"itemListElement\":[{\"@type\":\"ListItem\",\"position\":1,\"name\":\"Home\",\"item\":\"http:\\\/\\\/www.assistenzafirenze.it\\\/\"},{\"@type\":\"ListItem\",\"position\":2,\"name\":\"Nel Mondo\"}]},{\"@type\":\"WebSite\",\"@id\":\"http:\\\/\\\/www.assistenzafirenze.it\\\/#website\",\"url\":\"http:\\\/\\\/www.assistenzafirenze.it\\\/\",\"name\":\"Le Chiuse\",\"description\":\"Le Chiuse Montalcino\",\"publisher\":{\"@id\":\"http:\\\/\\\/www.assistenzafirenze.it\\\/#organization\"},\"potentialAction\":[{\"@type\":\"SearchAction\",\"target\":{\"@type\":\"EntryPoint\",\"urlTemplate\":\"http:\\\/\\\/www.assistenzafirenze.it\\\/?s={search_term_string}\"},\"query-input\":{\"@type\":\"PropertyValueSpecification\",\"valueRequired\":true,\"valueName\":\"search_term_string\"}}],\"inLanguage\":\"it-IT\"},{\"@type\":\"Organization\",\"@id\":\"http:\\\/\\\/www.assistenzafirenze.it\\\/#organization\",\"name\":\"Le Chiuse\",\"url\":\"http:\\\/\\\/www.assistenzafirenze.it\\\/\",\"logo\":{\"@type\":\"ImageObject\",\"inLanguage\":\"it-IT\",\"@id\":\"http:\\\/\\\/www.assistenzafirenze.it\\\/#\\\/schema\\\/logo\\\/image\\\/\",\"url\":\"http:\\\/\\\/www.assistenzafirenze.it\\\/wp-content\\\/uploads\\\/2026\\\/04\\\/logochiuseoff.png\",\"contentUrl\":\"http:\\\/\\\/www.assistenzafirenze.it\\\/wp-content\\\/uploads\\\/2026\\\/04\\\/logochiuseoff.png\",\"width\":561,\"height\":348,\"caption\":\"Le Chiuse\"},\"image\":{\"@id\":\"http:\\\/\\\/www.assistenzafirenze.it\\\/#\\\/schema\\\/logo\\\/image\\\/\"}}]}<\/script>\n<!-- \/ Yoast SEO plugin. -->","yoast_head_json":{"title":"Nel Mondo - Le Chiuse","robots":{"index":"index","follow":"follow","max-snippet":"max-snippet:-1","max-image-preview":"max-image-preview:large","max-video-preview":"max-video-preview:-1"},"canonical":"http:\/\/www.assistenzafirenze.it\/index.php\/elementor-pagina-988371\/","og_locale":"it_IT","og_type":"article","og_title":"Nel Mondo - Le Chiuse","og_description":"Nel Mondo Nella nostra azienda familiare, ogni filare racconta la nostra storia: il sapere tramandato dalle generazioni passate si unisce oggi a nuove tecnologie e metodi sostenibili, nel rispetto della natura. Ogni grappolo d\u2019uva racchiude passione, tradizione e amore per la terra di Montalcino. Dare Valore prestando attenzione ad ogni singolo Dettaglio Le Chiuse oggi...","og_url":"http:\/\/www.assistenzafirenze.it\/index.php\/elementor-pagina-988371\/","og_site_name":"Le Chiuse","article_modified_time":"2026-06-12T12:45:39+00:00","og_image":[{"url":"http:\/\/www.assistenzafirenze.it\/wp-content\/uploads\/2026\/04\/logochiuseoff.png","type":"","width":"","height":""}],"twitter_card":"summary_large_image","twitter_misc":{"Tempo di lettura stimato":"2 minuti"},"schema":{"@context":"https:\/\/schema.org","@graph":[{"@type":"WebPage","@id":"http:\/\/www.assistenzafirenze.it\/index.php\/elementor-pagina-988371\/","url":"http:\/\/www.assistenzafirenze.it\/index.php\/elementor-pagina-988371\/","name":"Nel Mondo - Le Chiuse","isPartOf":{"@id":"http:\/\/www.assistenzafirenze.it\/#website"},"primaryImageOfPage":{"@id":"http:\/\/www.assistenzafirenze.it\/index.php\/elementor-pagina-988371\/#primaryimage"},"image":{"@id":"http:\/\/www.assistenzafirenze.it\/index.php\/elementor-pagina-988371\/#primaryimage"},"thumbnailUrl":"http:\/\/www.assistenzafirenze.it\/wp-content\/uploads\/2026\/04\/logochiuseoff.png","datePublished":"2026-06-12T12:43:05+00:00","dateModified":"2026-06-12T12:45:39+00:00","breadcrumb":{"@id":"http:\/\/www.assistenzafirenze.it\/index.php\/elementor-pagina-988371\/#breadcrumb"},"inLanguage":"it-IT","potentialAction":[{"@type":"ReadAction","target":["http:\/\/www.assistenzafirenze.it\/index.php\/elementor-pagina-988371\/"]}]},{"@type":"ImageObject","inLanguage":"it-IT","@id":"http:\/\/www.assistenzafirenze.it\/index.php\/elementor-pagina-988371\/#primaryimage","url":"http:\/\/www.assistenzafirenze.it\/wp-content\/uploads\/2026\/04\/logochiuseoff.png","contentUrl":"http:\/\/www.assistenzafirenze.it\/wp-content\/uploads\/2026\/04\/logochiuseoff.png","width":561,"height":348},{"@type":"BreadcrumbList","@id":"http:\/\/www.assistenzafirenze.it\/index.php\/elementor-pagina-988371\/#breadcrumb","itemListElement":[{"@type":"ListItem","position":1,"name":"Home","item":"http:\/\/www.assistenzafirenze.it\/"},{"@type":"ListItem","position":2,"name":"Nel Mondo"}]},{"@type":"WebSite","@id":"http:\/\/www.assistenzafirenze.it\/#website","url":"http:\/\/www.assistenzafirenze.it\/","name":"Le Chiuse","description":"Le Chiuse Montalcino","publisher":{"@id":"http:\/\/www.assistenzafirenze.it\/#organization"},"potentialAction":[{"@type":"SearchAction","target":{"@type":"EntryPoint","urlTemplate":"http:\/\/www.assistenzafirenze.it\/?s={search_term_string}"},"query-input":{"@type":"PropertyValueSpecification","valueRequired":true,"valueName":"search_term_string"}}],"inLanguage":"it-IT"},{"@type":"Organization","@id":"http:\/\/www.assistenzafirenze.it\/#organization","name":"Le Chiuse","url":"http:\/\/www.assistenzafirenze.it\/","logo":{"@type":"ImageObject","inLanguage":"it-IT","@id":"http:\/\/www.assistenzafirenze.it\/#\/schema\/logo\/image\/","url":"http:\/\/www.assistenzafirenze.it\/wp-content\/uploads\/2026\/04\/logochiuseoff.png","contentUrl":"http:\/\/www.assistenzafirenze.it\/wp-content\/uploads\/2026\/04\/logochiuseoff.png","width":561,"height":348,"caption":"Le Chiuse"},"image":{"@id":"http:\/\/www.assistenzafirenze.it\/#\/schema\/logo\/image\/"}}]}},"_links":{"self":[{"href":"http:\/\/www.assistenzafirenze.it\/index.php\/wp-json\/wp\/v2\/pages\/988371","targetHints":{"allow":["GET"]}}],"collection":[{"href":"http:\/\/www.assistenzafirenze.it\/index.php\/wp-json\/wp\/v2\/pages"}],"about":[{"href":"http:\/\/www.assistenzafirenze.it\/index.php\/wp-json\/wp\/v2\/types\/page"}],"author":[{"embeddable":true,"href":"http:\/\/www.assistenzafirenze.it\/index.php\/wp-json\/wp\/v2\/users\/1"}],"replies":[{"embeddable":true,"href":"http:\/\/www.assistenzafirenze.it\/index.php\/wp-json\/wp\/v2\/comments?post=988371"}],"version-history":[{"count":7,"href":"http:\/\/www.assistenzafirenze.it\/index.php\/wp-json\/wp\/v2\/pages\/988371\/revisions"}],"predecessor-version":[{"id":988378,"href":"http:\/\/www.assistenzafirenze.it\/index.php\/wp-json\/wp\/v2\/pages\/988371\/revisions\/988378"}],"wp:attachment":[{"href":"http:\/\/www.assistenzafirenze.it\/index.php\/wp-json\/wp\/v2\/media?parent=988371"}],"curies":[{"name":"wp","href":"https:\/\/api.w.org\/{rel}","templated":true}]}}